{"id":494,"date":"2023-01-03T15:41:57","date_gmt":"2023-01-03T20:41:57","guid":{"rendered":"https:\/\/privacy-center.sharethrough.com\/?page_id=494"},"modified":"2024-05-02T16:17:05","modified_gmt":"2024-05-02T20:17:05","slug":"candidate-privacy-policy","status":"publish","type":"page","link":"https:\/\/privacy-center.sharethrough.com\/fr\/candidate-privacy-policy\/","title":{"rendered":"Candidate Privacy Policy"},"content":{"rendered":"<p>[et_pb_section fb_built=&#8221;1&#8243; _builder_version=&#8221;4.18.0&#8243; _module_preset=&#8221;default&#8221; background_color=&#8221;#0e1c28&#8243; custom_padding=&#8221;80px||80px||false|false&#8221; locked=&#8221;off&#8221; global_colors_info=&#8221;{}&#8221;][et_pb_row custom_padding_last_edited=&#8221;on|phone&#8221; _builder_version=&#8221;4.18.0&#8243; _module_preset=&#8221;default&#8221; width=&#8221;600px&#8221; width_tablet=&#8221;100%&#8221; width_phone=&#8221;auto&#8221; width_last_edited=&#8221;on|tablet&#8221; custom_margin_tablet=&#8221;||||false|false&#8221; custom_margin_phone=&#8221;||||false|false&#8221; custom_margin_last_edited=&#8221;on|phone&#8221; custom_padding=&#8221;|0px||0px|false|false&#8221; custom_padding_tablet=&#8221;|80px||80px|false|false&#8221; custom_padding_phone=&#8221;|40px||40px|false|false&#8221; global_colors_info=&#8221;{}&#8221;][et_pb_column type=&#8221;4_4&#8243; _builder_version=&#8221;4.18.0&#8243; _module_preset=&#8221;default&#8221; global_colors_info=&#8221;{}&#8221;][et_pb_text _builder_version=&#8221;4.19.2&#8243; _module_preset=&#8221;default&#8221; text_orientation=&#8221;center&#8221; background_layout=&#8221;dark&#8221; global_colors_info=&#8221;{}&#8221;]<\/p>\n<h1 class=\"light\"><b>Politique de confidentialit\u00e9 du candidat Sharethrough<\/b><\/h1>\n<p class=\"light\"><span><\/span><\/p>\n<p class=\"light\"><span style=\"font-weight: 400;\">Date d\u2019entr\u00e9e en vigueur: 1 d\u00e9cembre 2022<\/span><\/p>\n<p class=\"light\"><a href=\"https:\/\/privacy-center.sharethrough.com\/fr\/\" style=\"color: #3de0c8; font-weight: 600; font-size: 15px;\">Retour au centre de confidentialit\u00e9<\/a><\/p>\n<p>[\/et_pb_text][\/et_pb_column][\/et_pb_row][\/et_pb_section][et_pb_section fb_built=&#8221;1&#8243; _builder_version=&#8221;4.18.0&#8243; _module_preset=&#8221;default&#8221; custom_padding=&#8221;||0px||false|false&#8221; global_colors_info=&#8221;{}&#8221;][et_pb_row _builder_version=&#8221;4.18.0&#8243; _module_preset=&#8221;default&#8221; global_colors_info=&#8221;{}&#8221;][et_pb_column type=&#8221;4_4&#8243; _builder_version=&#8221;4.18.0&#8243; _module_preset=&#8221;default&#8221; global_colors_info=&#8221;{}&#8221;][et_pb_text _builder_version=&#8221;4.19.2&#8243; _module_preset=&#8221;default&#8221; global_colors_info=&#8221;{}&#8221;]<\/p>\n<h2>Table des mati\u00e8res<\/h2>\n<p><a href=\"#1\">1. P<span style=\"font-weight: 400;\">ort\u00e9e et aper\u00e7u<\/span><\/a><br \/><a href=\"#2\">2. <span style=\"font-weight: 400;\">Application<\/span><\/a><br \/><a href=\"#3\">3. <span style=\"font-weight: 400;\">Collecte de vos Informations personnelles<\/span><\/a><br \/><a href=\"#4\">4. <span style=\"font-weight: 400;\">Utilisation de vos Informations personnelles <\/span><\/a><br \/><a href=\"#5\">5. <span style=\"font-weight: 400;\">Partage des Informations personnelles<\/span><\/a><br \/><a href=\"#6\">6. <span style=\"font-weight: 400;\">Transferts de donn\u00e9es transfrontaliers<\/span><\/a><br \/><a href=\"#7\">7. <span style=\"font-weight: 400;\">S\u00e9curit\u00e9 des Informations personnelles<\/span><\/a><br \/><a href=\"#8\">8. <span style=\"font-weight: 400;\">Conservation des Informations personnelles<\/span><\/a><br \/><a href=\"#9\">9. <span style=\"font-weight: 400;\">Vos droits <\/span><\/a><br \/><a href=\"#10\">10. <span style=\"font-weight: 400;\">D\u00e9l\u00e9gu\u00e9 \u00e0 la protection des donn\u00e9es<\/span><\/a><br \/><a href=\"#11\">11. <span style=\"font-weight: 400;\">Modifications de la pr\u00e9sente Politique de confidentialit\u00e9 <\/span><\/a><br \/><a href=\"#12\">12. <span style=\"font-weight: 400;\">Nous contacter <\/span><\/a><\/p>\n<p>[\/et_pb_text][\/et_pb_column][\/et_pb_row][\/et_pb_section][et_pb_section fb_built=&#8221;1&#8243; module_id=&#8221;1&#8243; _builder_version=&#8221;4.18.0&#8243; _module_preset=&#8221;default&#8221; custom_padding=&#8221;10px||10px||false|false&#8221; global_colors_info=&#8221;{}&#8221;][et_pb_row _builder_version=&#8221;4.18.0&#8243; _module_preset=&#8221;default&#8221; global_colors_info=&#8221;{}&#8221;][et_pb_column type=&#8221;4_4&#8243; _builder_version=&#8221;4.18.0&#8243; _module_preset=&#8221;default&#8221; global_colors_info=&#8221;{}&#8221;][et_pb_text _builder_version=&#8221;4.18.0&#8243; _module_preset=&#8221;default&#8221; custom_margin=&#8221;||10px||false|false&#8221; global_colors_info=&#8221;{}&#8221;]<\/p>\n<h3>1. <b>Port\u00e9e et aper\u00e7u<\/b><\/h3>\n<p>[\/et_pb_text][et_pb_text _builder_version=&#8221;4.19.2&#8243; _module_preset=&#8221;default&#8221; global_colors_info=&#8221;{}&#8221;]<\/p>\n<p style=\"text-align: justify;\"><span><span style=\"font-weight: 400;\">Sharethrough s'engage \u00e0 prot\u00e9ger la confidentialit\u00e9 et la s\u00e9curit\u00e9 de vos Informations personnelles, telle que d\u00e9finie ci-dessous. La pr\u00e9sente Politique de confidentialit\u00e9 d\u00e9crit la mani\u00e8re dont Sharethrough Inc. et ses filiales, soci\u00e9t\u00e9s affili\u00e9es et entit\u00e9s apparent\u00e9es (collectivement, \"<\/span><b>Sharethrough<\/b><span style=\"font-weight: 400;\">,&#8221; &#8220;<\/span><b>nous<\/b><span style=\"font-weight: 400;\">,\u201d ou \u201c<\/span><b>notre<\/b><span style=\"font-weight: 400;\">\") recueillent et utilisent les Informations personnelles vous concernant au cours du processus de recrutement. <\/span><\/span><\/p>\n<p style=\"text-align: justify;\"><strong><span><span style=\"font-weight: 400;\">Pour plus de clart\u00e9, les Informations personnelles font r\u00e9f\u00e9rence \u00e0 toute information qui vous identifie directement ou indirectement (comme votre nom, votre adresse e-mail, vos coordonn\u00e9es, votre CV et toute autre information que vous nous divulguez dans le cadre du processus de recrutement). Les Informations personnelles auxquelles il est fait r\u00e9f\u00e9rence dans la pr\u00e9sente Politique comprennent les d\u00e9finitions de \u00abdonn\u00e9es \u00e0 caract\u00e8re personnel\u00bb et \u00abinformations personnellement identifiables\u00bb (collectivement \u00ab<\/span><b>informations personnelles<\/b><span style=\"font-weight: 400;\">\u00bb), telles que d\u00e9finies par les lois sur la confidentialit\u00e9 applicables dans toutes les juridictions o\u00f9 Sharethrough op\u00e8re.<\/span><\/span><\/strong><\/p>\n<p>[\/et_pb_text][\/et_pb_column][\/et_pb_row][\/et_pb_section][et_pb_section fb_built=&#8221;1&#8243; module_id=&#8221;2&#8243; _builder_version=&#8221;4.18.0&#8243; _module_preset=&#8221;default&#8221; custom_padding=&#8221;10px||10px||false|false&#8221; global_colors_info=&#8221;{}&#8221;][et_pb_row _builder_version=&#8221;4.18.0&#8243; _module_preset=&#8221;default&#8221; global_colors_info=&#8221;{}&#8221;][et_pb_column type=&#8221;4_4&#8243; _builder_version=&#8221;4.18.0&#8243; _module_preset=&#8221;default&#8221; global_colors_info=&#8221;{}&#8221;][et_pb_text _builder_version=&#8221;4.18.0&#8243; _module_preset=&#8221;default&#8221; custom_margin=&#8221;||10px||false|false&#8221; global_colors_info=&#8221;{}&#8221;]<\/p>\n<h3>2. <b>Application<\/b><\/h3>\n<p>[\/et_pb_text][et_pb_text _builder_version=&#8221;4.19.2&#8243; _module_preset=&#8221;default&#8221; global_colors_info=&#8221;{}&#8221;]<\/p>\n<p style=\"text-align: justify;\"><span style=\"font-weight: 400;\">Cette Politique de confidentialit\u00e9 s'applique uniquement aux candidats qui appliquent pour un emploi (et non aux employ\u00e9s actuels de Sharethrough) dans le monde entier, y compris les candidats situ\u00e9s au Canada, au Royaume-Uni (\u00ab<\/span><b>UK<\/b><span style=\"font-weight: 400;\">\u00bb), en Europe, aux \u00c9tats-Unis et dans d'autres r\u00e9gions du monde, conform\u00e9ment aux lois applicables en mati\u00e8re de confidentialit\u00e9.<\/span><\/p>\n<p style=\"text-align: justify;\"><span style=\"font-weight: 400;\">Cette Politique de confidentialit\u00e9 d\u00e9crit les cat\u00e9gories d'Informations personnelles que nous recueillons, la mani\u00e8re dont nous utilisons vos Informations personnelles, la mani\u00e8re dont nous s\u00e9curisons vos Informations personnelles, les cas o\u00f9 nous pouvons divulguer vos Informations personnelles \u00e0 des tiers et les cas o\u00f9 nous pouvons transf\u00e9rer vos Informations personnelles en dehors de votre juridiction d'origine. Cette Politique de confidentialit\u00e9 d\u00e9crit \u00e9galement vos droits concernant les Informations personnelles que nous d\u00e9tenons \u00e0 votre sujet et la mani\u00e8re dont vous pouvez acc\u00e9der \u00e0 vos Informations personnelles, les corriger et demander qu\u2019elles soient effac\u00e9es.<\/span><\/p>\n<p style=\"text-align: justify;\"><span style=\"font-weight: 400;\">Nous n'utiliserons vos Informations personnelles que conform\u00e9ment \u00e0 la pr\u00e9sente Politique de confidentialit\u00e9, \u00e0 moins que la loi applicable n'en dispose autrement. Nous prenons des mesures pour nous assurer que les Informations personnelles que nous recueillons \u00e0 votre sujet sont ad\u00e9quates, pertinentes, non excessives et utilis\u00e9es \u00e0 des fins limit\u00e9es.\u00a0<\/span><\/p>\n<p>[\/et_pb_text][\/et_pb_column][\/et_pb_row][\/et_pb_section][et_pb_section fb_built=&#8221;1&#8243; module_id=&#8221;children&#8221; _builder_version=&#8221;4.18.0&#8243; _module_preset=&#8221;default&#8221; custom_padding=&#8221;10px||10px||false|false&#8221; global_colors_info=&#8221;{}&#8221;][et_pb_row _builder_version=&#8221;4.18.0&#8243; _module_preset=&#8221;default&#8221; global_colors_info=&#8221;{}&#8221;][et_pb_column type=&#8221;4_4&#8243; _builder_version=&#8221;4.18.0&#8243; _module_preset=&#8221;default&#8221; global_colors_info=&#8221;{}&#8221;][et_pb_text _builder_version=&#8221;4.18.0&#8243; _module_preset=&#8221;default&#8221; custom_margin=&#8221;||10px||false|false&#8221; global_colors_info=&#8221;{}&#8221;]<\/p>\n<h3>3. <b>Collecte d'Informations personnelles<\/b><\/h3>\n<p>[\/et_pb_text][et_pb_text _builder_version=&#8221;4.19.2&#8243; _module_preset=&#8221;default&#8221; global_colors_info=&#8221;{}&#8221;]<\/p>\n<p style=\"text-align: justify;\"><span style=\"font-weight: 400;\">Sharethrough peut recueillir des Informations personnelles directement aupr\u00e8s de vous, en tant que candidat qui applique pour un emploi, ou peut recevoir des Informations personnelles de la part de tiers, par exemple, dans le cadre d'une v\u00e9rification d\u2019emploi, des r\u00e9f\u00e9rences ou des ant\u00e9c\u00e9dents judiciaires, sous r\u00e9serve de votre consentement lorsque la loi l'exige (par exemple, LinkedIn). Nous pouvons recueillir, stocker et utiliser les cat\u00e9gories non-exhaustives suivantes d'Informations personnelles dans le cadre de nos activit\u00e9s de recrutement:<\/span><\/p>\n<ul>\n<li style=\"font-weight: 400; text-align: justify;\" aria-level=\"1\"><span style=\"font-weight: 400;\">Les coordonn\u00e9es personnelles telles que le nom, le titre, les adresses, les num\u00e9ros de t\u00e9l\u00e9phone et les adresses \u00e9lectroniques personnelles;<\/span><\/li>\n<li style=\"font-weight: 400; text-align: justify;\" aria-level=\"1\"><span style=\"font-weight: 400;\">Les ant\u00e9c\u00e9dents professionnels et autres exp\u00e9riences pertinentes, y compris les informations contenues dans un curriculum vitae, une lettre de motivation ou une demande d'emploi;<\/span><\/li>\n<li style=\"font-weight: 400; text-align: justify;\" aria-level=\"1\"><span style=\"font-weight: 400;\">Les informations sur la formation, y compris les dipl\u00f4mes obtenus, les relev\u00e9s de notes et autres informations fournies \u00e0 l'appui de la candidature;<\/span><\/li>\n<li style=\"font-weight: 400; text-align: justify;\" aria-level=\"1\"><span style=\"font-weight: 400;\">L\u2019historique de la r\u00e9mun\u00e9ration;<\/span><\/li>\n<li style=\"font-weight: 400; text-align: justify;\" aria-level=\"1\"><span style=\"font-weight: 400;\">Les informations recueillies au cours de filtrages t\u00e9l\u00e9phoniques et d'entretiens;<\/span><\/li>\n<li style=\"font-weight: 400; text-align: justify;\" aria-level=\"1\"><span style=\"font-weight: 400;\">Les d\u00e9tails concernant le type d'emploi recherch\u00e9, le salaire souhait\u00e9, la volont\u00e9 de d\u00e9m\u00e9nager, les pr\u00e9f\u00e9rences en mati\u00e8re d'emploi et autres informations relatives \u00e0 la r\u00e9mun\u00e9ration et aux avantages sociaux;<\/span><\/li>\n<li style=\"font-weight: 400; text-align: justify;\" aria-level=\"1\"><span style=\"font-weight: 400;\">Les informations de r\u00e9f\u00e9rence et les informations re\u00e7ues lors de la v\u00e9rification des ant\u00e9c\u00e9dents judiciaires, le cas \u00e9ch\u00e9ant, y compris les informations fournies par des tiers;<\/span><\/li>\n<li style=\"font-weight: 400; text-align: justify;\" aria-level=\"1\"><span style=\"font-weight: 400;\">Les informations relatives \u00e0 des demandes ant\u00e9rieures aupr\u00e8s de Sharethrough ou \u00e0 des ant\u00e9c\u00e9dents professionnels chez Sharethrough.<\/span><\/li>\n<\/ul>\n<p>[\/et_pb_text][\/et_pb_column][\/et_pb_row][\/et_pb_section][et_pb_section fb_built=&#8221;1&#8243; module_id=&#8221;4&#8243; _builder_version=&#8221;4.18.0&#8243; _module_preset=&#8221;default&#8221; custom_padding=&#8221;10px||10px||false|false&#8221; global_colors_info=&#8221;{}&#8221;][et_pb_row _builder_version=&#8221;4.18.0&#8243; _module_preset=&#8221;default&#8221; global_colors_info=&#8221;{}&#8221;][et_pb_column type=&#8221;4_4&#8243; _builder_version=&#8221;4.18.0&#8243; _module_preset=&#8221;default&#8221; global_colors_info=&#8221;{}&#8221;][et_pb_text _builder_version=&#8221;4.19.2&#8243; _module_preset=&#8221;default&#8221; custom_margin=&#8221;||10px||false|false&#8221; global_colors_info=&#8221;{}&#8221;]<\/p>\n<h3>4. <b>Utilisation de vos Informations personnelles <\/b><\/h3>\n<p>[\/et_pb_text][et_pb_text _builder_version=&#8221;4.19.2&#8243; _module_preset=&#8221;default&#8221; custom_padding=&#8221;||0px|||&#8221; global_colors_info=&#8221;{}&#8221;]<\/p>\n<p style=\"text-align: justify;\"><span><span style=\"font-weight: 400;\"><\/span><\/span><\/p>\n<p style=\"text-align: justify;\"><span><span style=\"font-weight: 400;\">Nous pouvons utiliser vos Informations personnelles aux fins commerciales l\u00e9gitimes suivantes :<\/span><\/span><\/p>\n<ul style=\"text-align: justify;\">\n<li style=\"font-weight: 400;\" aria-level=\"1\"><span style=\"font-weight: 400;\">Identifier et \u00e9valuer votre candidature, notamment en \u00e9valuant vos comp\u00e9tences, vos qualifications et vos int\u00e9r\u00eats;<\/span><\/li>\n<li style=\"font-weight: 400;\" aria-level=\"1\"><span style=\"font-weight: 400;\">V\u00e9rifier vos informations et effectuer des v\u00e9rifications d\u2019emploi, des r\u00e9f\u00e9rences ou des ant\u00e9c\u00e9dents judiciaires, le cas \u00e9ch\u00e9ant, sous r\u00e9serve de votre consentement;<\/span><\/li>\n<li style=\"font-weight: 400;\" aria-level=\"1\"><span style=\"font-weight: 400;\">Communiquer avec vous au sujet de la proc\u00e9dure de recrutement et de votre candidature;<\/span><\/li>\n<li style=\"font-weight: 400;\" aria-level=\"1\"><span style=\"font-weight: 400;\">Conserver les dossiers relatifs \u00e0 nos processus de recrutement<\/span><\/li>\n<li style=\"font-weight: 400;\" aria-level=\"1\"><span style=\"font-weight: 400;\">Cr\u00e9er et soumettre des rapports comme l'exigent les lois ou les r\u00e8glements applicables;<\/span><\/li>\n<li style=\"font-weight: 400;\" aria-level=\"1\"><span style=\"font-weight: 400;\">Afin de se conformer \u00e0 nos exigences l\u00e9gales, r\u00e9glementaires ou autres exigences de gouvernance d'entreprise;<\/span><\/li>\n<li style=\"font-weight: 400;\" aria-level=\"1\"><span style=\"font-weight: 400;\">Analyser et am\u00e9liorer notre processus de recrutement;<\/span><\/li>\n<li style=\"font-weight: 400;\" aria-level=\"1\"><span style=\"font-weight: 400;\">Afin de se conformer aux lois, r\u00e8glements, proc\u00e9dures l\u00e9gales ou demandes gouvernementales ex\u00e9cutoires;<\/span><\/li>\n<li style=\"font-weight: 400;\" aria-level=\"1\"><span style=\"font-weight: 400;\">Afin de prot\u00e9ger les droits et la propri\u00e9t\u00e9 de Sharethrough, d'autres candidats \u00e0 l'emploi, des employ\u00e9s ou du public, comme requis ou autoris\u00e9 par la loi.<\/span><span style=\"font-weight: 400;\"><\/span><\/li>\n<\/ul>\n<p style=\"text-align: justify;\"><span style=\"font-weight: 400;\"><\/span><\/p>\n<p style=\"text-align: justify;\"><span style=\"font-weight: 400;\">Outre l'utilisation de vos Informations personnelles pour le poste pour lequel vous avez appliqu\u00e9, nous pouvons conserver et utiliser vos Informations personnelles afin de vous informer d'autres postes qui pourraient vous convenir et les prendre en consid\u00e9ration conform\u00e9ment \u00e0 notre politique de conservation des documents. Si vous ne souhaitez pas \u00eatre pris en consid\u00e9ration pour d'autres postes ou si vous voulez que nous supprimions vos Informations personnelles, vous pouvez nous contacter comme indiqu\u00e9 ci-dessous dans la rubrique Nous contacter ci-dessous. <a href=\"#contact-us\">Nous contacter<\/a>. <\/span><\/p>\n<p style=\"text-align: justify;\"><span style=\"font-weight: 400;\">Nous n'utilisons vos informations personnelles que lorsque la loi applicable le permet ou l'exige dans le cadre de l'ex\u00e9cution de notre processus de recrutement. Nous n'utiliserons vos Informations personnelles qu'aux fins pour lesquelles nous les avons recueillies. Si nous devons utiliser vos Informations personnelles \u00e0 des fins non li\u00e9es, nous vous en informerons et, si la loi l'exige, nous demanderons votre consentement. <\/span><\/p>\n<p>[\/et_pb_text][\/et_pb_column][\/et_pb_row][\/et_pb_section][et_pb_section fb_built=&#8221;1&#8243; module_id=&#8221;5&#8243; _builder_version=&#8221;4.18.0&#8243; _module_preset=&#8221;default&#8221; custom_padding=&#8221;10px||10px||false|false&#8221; global_colors_info=&#8221;{}&#8221;][et_pb_row _builder_version=&#8221;4.18.0&#8243; _module_preset=&#8221;default&#8221; global_colors_info=&#8221;{}&#8221;][et_pb_column type=&#8221;4_4&#8243; _builder_version=&#8221;4.18.0&#8243; _module_preset=&#8221;default&#8221; global_colors_info=&#8221;{}&#8221;][et_pb_text _builder_version=&#8221;4.18.0&#8243; _module_preset=&#8221;default&#8221; custom_margin=&#8221;||10px||false|false&#8221; global_colors_info=&#8221;{}&#8221;]<\/p>\n<h3>5. <b>Partage des Informations personnelles<\/b><\/h3>\n<p>[\/et_pb_text][et_pb_text _builder_version=&#8221;4.19.2&#8243; _module_preset=&#8221;default&#8221; global_colors_info=&#8221;{}&#8221;]<\/p>\n<p style=\"text-align: justify;\"><span style=\"font-weight: 400;\">Nous ne divulguerons vos Informations personnelles \u00e0 des tiers que si la loi l'exige ou \u00e0 nos employ\u00e9s, entrepreneurs, agents d\u00e9sign\u00e9s ou prestataires de services tiers qui en ont besoin pour nous aider \u00e0 g\u00e9rer le processus de recrutement, y compris les prestataires de services tiers qui nous fournissent des services ou les fournissent en notre nom. Nous pouvons faire appel \u00e0 des prestataires de services tiers \u00e0 diverses fins, y compris, mais sans s'y limiter, pour obtenir une v\u00e9rification de l'emploi et des ant\u00e9c\u00e9dents judiciaires.<\/span><\/p>\n<p style=\"text-align: justify;\"><span style=\"font-weight: 400;\">Nous pouvons \u00e9galement divulguer vos Informations personnelles aux fins suppl\u00e9mentaires suivantes, lorsque la loi applicable le permet ou l'exige :<\/span><\/p>\n<ul style=\"text-align: justify;\">\n<li style=\"font-weight: 400;\" aria-level=\"1\"><span style=\"font-weight: 400;\">\u00c0 d'autres membres de notre groupe de soci\u00e9t\u00e9s (y compris en dehors de votre juridiction d'origine) aux fins \u00e9nonc\u00e9es dans la pr\u00e9sente Politique de confidentialit\u00e9 et dans la mesure o\u00f9 cela est n\u00e9cessaire pour g\u00e9rer le processus de recrutement;<\/span><\/li>\n<li style=\"font-weight: 400;\" aria-level=\"1\"><span style=\"font-weight: 400;\">Dans le cadre de nos activit\u00e9s r\u00e9guli\u00e8res de communications aux autres membres de notre groupe de soci\u00e9t\u00e9s;<\/span><\/li>\n<li style=\"font-weight: 400;\" aria-level=\"1\"><span style=\"font-weight: 400;\">Afin de se conformer \u00e0 des obligations l\u00e9gales ou \u00e0 des proc\u00e9dures l\u00e9gales valides telles que des mandats de perquisition, des assignations \u00e0 compara\u00eetre ou des ordonnances judiciaires. Lorsque nous divulguons vos Informations personnelles pour nous conformer \u00e0 une obligation l\u00e9gale ou \u00e0 une proc\u00e9dure judiciaire, nous prendrons des mesures raisonnables pour nous assurer que nous ne divulguons que le minimum d'Informations personnelles n\u00e9cessaires pour l'objectif et les circonstances sp\u00e9cifiques;<\/span><\/li>\n<li style=\"font-weight: 400;\" aria-level=\"1\"><span style=\"font-weight: 400;\">Dans les situations d'urgence ou lorsque cela est n\u00e9cessaire pour prot\u00e9ger la s\u00e9curit\u00e9 des personnes;<\/span><\/li>\n<li style=\"font-weight: 400;\" aria-level=\"1\"><span style=\"font-weight: 400;\">Lorsque les Informations personnelles sont accessibles au public;<\/span><\/li>\n<li style=\"font-weight: 400;\" aria-level=\"1\"><span style=\"font-weight: 400;\">Si un transfert d'entreprise ou un changement de propri\u00e9taire se produit;<\/span><\/li>\n<li style=\"font-weight: 400;\" aria-level=\"1\"><span style=\"font-weight: 400;\">\u00c0 d'autres fins, avec votre consentement, lorsque celui-ci est requis par la loi.<\/span><\/li>\n<\/ul>\n<ul style=\"text-align: justify;\"><\/ul>\n<p>[\/et_pb_text][\/et_pb_column][\/et_pb_row][\/et_pb_section][et_pb_section fb_built=&#8221;1&#8243; module_id=&#8221;6&#8243; _builder_version=&#8221;4.18.0&#8243; _module_preset=&#8221;default&#8221; custom_padding=&#8221;10px||10px||false|false&#8221; global_colors_info=&#8221;{}&#8221;][et_pb_row _builder_version=&#8221;4.18.0&#8243; _module_preset=&#8221;default&#8221; global_colors_info=&#8221;{}&#8221;][et_pb_column type=&#8221;4_4&#8243; _builder_version=&#8221;4.18.0&#8243; _module_preset=&#8221;default&#8221; global_colors_info=&#8221;{}&#8221;][et_pb_text _builder_version=&#8221;4.18.0&#8243; _module_preset=&#8221;default&#8221; custom_margin=&#8221;||10px||false|false&#8221; global_colors_info=&#8221;{}&#8221;]<\/p>\n<h3>6. <b>Transferts transfrontaliers<\/b><\/h3>\n<p>[\/et_pb_text][et_pb_text _builder_version=&#8221;4.19.2&#8243; _module_preset=&#8221;default&#8221; global_colors_info=&#8221;{}&#8221;]<\/p>\n<p style=\"text-align: justify;\"><span style=\"font-weight: 400;\">Sharethrough est une soci\u00e9t\u00e9 internationale. Lorsque la loi applicable le permet, nous pouvons transf\u00e9rer les Informations personnelles que nous recueillons \u00e0 votre sujet vers des juridictions situ\u00e9es en dehors de votre pays d'origine. Si nous transf\u00e9rons vos Informations personnelles en dehors de votre pays d'origine, nous nous assurerons de prendre les mesures appropri\u00e9es pour garantir que vos informations soient transf\u00e9r\u00e9es de mani\u00e8re s\u00e9curis\u00e9e. Ces mesures sont soumises aux exigences l\u00e9gales des juridictions vers lesquelles nous transf\u00e9rons des Informations personnelles, y compris les exigences l\u00e9gales de divulgation d'informations aux organismes charg\u00e9s de l'application de la loi et aux agences gouvernementales dans ces pays. <\/span><\/p>\n<p style=\"text-align: justify;\"><i><span style=\"font-weight: 400;\">R\u00e8glement europ\u00e9en sur la protection des donn\u00e9es<br \/><\/span><\/i><span style=\"font-size: 17px;\">Nous nous assurons que tout transfert international de vos donn\u00e9es \u00e0 caract\u00e8re personnel est conforme aux lois de cette r\u00e9gion, y compris le\u00a0<\/span><i style=\"font-size: 17px;\">General Data Protection Regulation<\/i><span style=\"font-size: 17px;\">\u00a0europ\u00e9en (le \u00ab<\/span><b style=\"font-size: 17px;\">GDPR\u00bb<\/b><span style=\"font-size: 17px;\">). Plus pr\u00e9cis\u00e9ment, en ce qui concerne l'Espace \u00e9conomique europ\u00e9en (\u00ab<\/span><b style=\"font-size: 17px;\">EEE<\/b><span style=\"font-size: 17px;\">\u00bb), nous nous assurons que des protections juridiques appropri\u00e9es sont en place si nous transf\u00e9rons vos donn\u00e9es personnelles en dehors de l'EEE vers le Royaume-Uni (\u00ab<\/span><b style=\"font-size: 17px;\">UK<\/b><span style=\"font-size: 17px;\">\u00bb), la Suisse ou tout autre pays, comme le pr\u00e9voit la l\u00e9gislation europ\u00e9enne sur la protection des donn\u00e9es.<\/span><\/p>\n<p style=\"text-align: justify;\"><span style=\"font-size: 17px;\"><span style=\"font-weight: 400;\">Ces protections comprennent l'utilisation de mesures de s\u00e9curit\u00e9 techniques ou d'un m\u00e9canisme juridique, tel que, mais sans s'y limiter, les Clauses contractuelles types (\u00ab<\/span><b>CCT<\/b><span style=\"font-weight: 400;\">\u00bb), qui sont approuv\u00e9es par la Commission europ\u00e9enne. Les CCT normalisent les protections pour tout transfert international de vos donn\u00e9es de l'EEE vers d'autres pays, vous donnant ainsi l'assurance que vous pourrez acc\u00e9der \u00e0 vos droits en mati\u00e8re de protection des donn\u00e9es \u00e0 caract\u00e8re personnel d'une mani\u00e8re conforme \u00e0 la l\u00e9gislation europ\u00e9enne sur la protection des donn\u00e9es. <\/span><\/span><\/p>\n<ul role=\"list\" style=\"text-align: justify;\"><\/ul>\n<p>[\/et_pb_text][\/et_pb_column][\/et_pb_row][\/et_pb_section][et_pb_section fb_built=&#8221;1&#8243; module_id=&#8221;7&#8243; _builder_version=&#8221;4.18.0&#8243; _module_preset=&#8221;default&#8221; custom_padding=&#8221;10px||10px||false|false&#8221; global_colors_info=&#8221;{}&#8221;][et_pb_row _builder_version=&#8221;4.18.0&#8243; _module_preset=&#8221;default&#8221; global_colors_info=&#8221;{}&#8221;][et_pb_column type=&#8221;4_4&#8243; _builder_version=&#8221;4.18.0&#8243; _module_preset=&#8221;default&#8221; global_colors_info=&#8221;{}&#8221;][et_pb_text _builder_version=&#8221;4.18.0&#8243; _module_preset=&#8221;default&#8221; custom_margin=&#8221;||10px||false|false&#8221; global_colors_info=&#8221;{}&#8221;]<\/p>\n<h3>7. <b>S\u00e9curit\u00e9 des Informations personnelles<\/b><\/h3>\n<p>[\/et_pb_text][et_pb_text _builder_version=&#8221;4.19.2&#8243; _module_preset=&#8221;default&#8221; global_colors_info=&#8221;{}&#8221;]<\/p>\n<p style=\"text-align: justify;\"><span style=\"font-weight: 400;\">Nous avons mis en place des mesures de s\u00e9curit\u00e9 physiques, techniques et organisationnelles appropri\u00e9es con\u00e7ues pour prot\u00e9ger vos Informations personnelles contre la perte accidentelle et l'acc\u00e8s, l'utilisation, l'alt\u00e9ration ou la divulgation non autoris\u00e9es. En outre, nous limitons l'acc\u00e8s aux Informations personnelles aux employ\u00e9s, agents, sous-traitants et autres tiers qui ont un besoin professionnel l\u00e9gitime de cet acc\u00e8s.<\/span><\/p>\n<p style=\"text-align: justify;\">\n<p>[\/et_pb_text][\/et_pb_column][\/et_pb_row][\/et_pb_section][et_pb_section fb_built=&#8221;1&#8243; module_id=&#8221;8&#8243; _builder_version=&#8221;4.18.0&#8243; _module_preset=&#8221;default&#8221; custom_padding=&#8221;10px||10px||false|false&#8221; global_colors_info=&#8221;{}&#8221;][et_pb_row _builder_version=&#8221;4.18.0&#8243; _module_preset=&#8221;default&#8221; global_colors_info=&#8221;{}&#8221;][et_pb_column type=&#8221;4_4&#8243; _builder_version=&#8221;4.18.0&#8243; _module_preset=&#8221;default&#8221; global_colors_info=&#8221;{}&#8221;][et_pb_text _builder_version=&#8221;4.19.2&#8243; _module_preset=&#8221;default&#8221; custom_margin=&#8221;||10px||false|false&#8221; global_colors_info=&#8221;{}&#8221;]<\/p>\n<h3 style=\"text-align: justify;\">8. <b>Conservation des Informations personnelles<\/b><\/h3>\n<p style=\"text-align: justify;\"><b><span style=\"font-weight: 400;\">Sauf autorisation ou exigence contraire de la loi ou de la r\u00e9glementation applicable, nous conserverons vos Informations personnelles jusqu\u2019\u00e0 trois (3) ans apr\u00e8s la fin du processus de recrutement, ou aussi longtemps que n\u00e9cessaire afin d\u2019atteindre les objectifs pour lesquels nous les avons recueillis, y compris pour satisfaire \u00e0 toute exigence l\u00e9gale, fiscale, comptable ou de rapport. Dans certaines circonstances, nous pouvons rendre vos Informations personnelles anonymes afin qu'elles ne puissent plus \u00eatre associ\u00e9es \u00e0 vous. Nous nous r\u00e9servons le droit d'utiliser ces donn\u00e9es anonymes et d\u00e9personnalis\u00e9es \u00e0 toute fin commerciale l\u00e9gitime sans vous en informer ou sans votre consentement.<\/span><\/b><\/p>\n<p style=\"text-align: justify;\"><b><span style=\"font-weight: 400;\">Si vous vous voyez offrir un emploi chez Sharethrough et que vous l\u2019acceptez, les Informations personnelles que nous recueillons au cours du processus de recrutement feront partie de votre dossier d'emploi, et nous pourrons les utiliser dans le cadre de votre emploi conform\u00e9ment \u00e0 nos politiques en mati\u00e8re d'Informations personnelles des employ\u00e9s. <\/span><\/b><\/p>\n<p style=\"text-align: justify;\"><b><span style=\"font-weight: 400;\">Si vous ne devenez pas un employ\u00e9 ou, une fois que vous n'\u00eates plus un employ\u00e9 de Sharethrough, nous conserverons et d\u00e9truirons en toute s\u00e9curit\u00e9 vos Informations personnelles conform\u00e9ment \u00e0 notre politique de conservation des documents et aux lois et r\u00e9glementations en vigueur.\u00a0<\/span><\/b><\/p>\n<p>[\/et_pb_text][et_pb_text _builder_version=&#8221;4.19.2&#8243; _module_preset=&#8221;default&#8221; global_colors_info=&#8221;{}&#8221;]<\/p>\n<p style=\"text-align: justify;\"><span style=\"font-weight: 400;\">Sauf autorisation ou exigence contraire de la loi ou de la r\u00e9glementation applicable, nous conserverons vos Informations personnelles jusqu\u2019\u00e0 trois (3) ans apr\u00e8s la fin du processus de recrutement, ou aussi longtemps que n\u00e9cessaire afin d\u2019atteindre les objectifs pour lesquels nous les avons recueillis, y compris pour satisfaire \u00e0 toute exigence l\u00e9gale, fiscale, comptable ou de rapport. Dans certaines circonstances, nous pouvons rendre vos Informations personnelles anonymes afin qu'elles ne puissent plus \u00eatre associ\u00e9es \u00e0 vous. Nous nous r\u00e9servons le droit d'utiliser ces donn\u00e9es anonymes et d\u00e9personnalis\u00e9es \u00e0 toute fin commerciale l\u00e9gitime sans vous en informer ou sans votre consentement.<\/span><\/p>\n<p style=\"text-align: justify;\"><span style=\"font-weight: 400;\">Si vous vous voyez offrir un emploi chez Sharethrough et que vous l\u2019acceptez, les Informations personnelles que nous recueillons au cours du processus de recrutement feront partie de votre dossier d'emploi, et nous pourrons les utiliser dans le cadre de votre emploi conform\u00e9ment \u00e0 nos politiques en mati\u00e8re d'Informations personnelles des employ\u00e9s. <\/span><\/p>\n<p style=\"text-align: justify;\"><span style=\"font-weight: 400;\">Si vous ne devenez pas un employ\u00e9 ou, une fois que vous n'\u00eates plus un employ\u00e9 de Sharethrough, nous conserverons et d\u00e9truirons en toute s\u00e9curit\u00e9 vos Informations personnelles conform\u00e9ment \u00e0 notre politique de conservation des documents et aux lois et r\u00e9glementations en vigueur.\u00a0<\/span><\/p>\n<p style=\"text-align: justify;\">\n<p>[\/et_pb_text][\/et_pb_column][\/et_pb_row][\/et_pb_section][et_pb_section fb_built=&#8221;1&#8243; module_id=&#8221;9&#8243; _builder_version=&#8221;4.18.0&#8243; _module_preset=&#8221;default&#8221; custom_padding=&#8221;10px||10px||false|false&#8221; global_colors_info=&#8221;{}&#8221;][et_pb_row _builder_version=&#8221;4.18.0&#8243; _module_preset=&#8221;default&#8221; global_colors_info=&#8221;{}&#8221;][et_pb_column type=&#8221;4_4&#8243; _builder_version=&#8221;4.18.0&#8243; _module_preset=&#8221;default&#8221; global_colors_info=&#8221;{}&#8221;][et_pb_text _builder_version=&#8221;4.18.0&#8243; _module_preset=&#8221;default&#8221; custom_margin=&#8221;||10px||false|false&#8221; global_colors_info=&#8221;{}&#8221;]<\/p>\n<h3>9. <b>Vos droits <\/b><\/h3>\n<p>[\/et_pb_text][et_pb_text _builder_version=&#8221;4.19.2&#8243; _module_preset=&#8221;default&#8221; global_colors_info=&#8221;{}&#8221;]<\/p>\n<p style=\"text-align: justify;\"><em>I. <span style=\"font-weight: 400;\">Droits d'acc\u00e8s, de rectification, d'effacement et d'opposition<br \/><\/span><\/em><i><\/i><span style=\"font-weight: 400;\">Il est important que les Informations personnelles que nous d\u00e9tenons \u00e0 votre sujet soient exactes et \u00e0 jour. Veuillez nous tenir inform\u00e9s si vos Informations personnelles changent au cours du processus de recrutement. La loi vous donne le droit de demander l'acc\u00e8s aux Informations personnelles que nous d\u00e9tenons \u00e0 votre sujet et de les corriger, ou de retirer votre consentement \u00e0 l'utilisation de vos Informations personnelles dans certaines circonstances. Si vous souhaitez examiner, v\u00e9rifier, corriger ou retirer votre consentement \u00e0 l'utilisation de vos Informations personnelles, veuillez nous contacter conform\u00e9ment \u00e0 la section <\/span><a href=\"#contact-us\"><span style=\"font-weight: 400;\">Nous contacter<\/span><\/a><span style=\"font-weight: 400;\">ci-dessous. Toute communication de ce type doit \u00eatre faite par \u00e9crit.<\/span><\/p>\n<p style=\"text-align: justify;\"><span style=\"font-weight: 400;\">Nous pouvons vous demander des informations sp\u00e9cifiques afin de nous aider \u00e0 confirmer votre identit\u00e9 et votre droit d'acc\u00e8s, et de vous fournir les Informations personnelles que nous d\u00e9tenons \u00e0 votre sujet ou d'effectuer les changements que vous demandez. La loi applicable peut nous permettre ou nous obliger \u00e0 refuser de vous donner acc\u00e8s \u00e0 tout ou partie des Informations personnelles que nous d\u00e9tenons \u00e0 votre sujet. De plus, nous pouvons avoir d\u00e9truit, effac\u00e9 ou rendu anonymes vos Informations personnelles conform\u00e9ment \u00e0 nos obligations et pratiques de conservation des dossiers. Si nous ne pouvons pas vous donner acc\u00e8s \u00e0 vos Informations personnelles, nous vous informerons des raisons, sous r\u00e9serve de toute restriction l\u00e9gale ou r\u00e9glementaire.<\/span><\/p>\n<p style=\"text-align: justify;\"><i><span style=\"font-weight: 400;\">Droit de d\u00e9poser une plainte <br \/><\/span><\/i><span style=\"font-weight: 400;\">Sharethrough se conforme \u00e0 ses obligations en vertu des lois europ\u00e9ennes sur la protection de la vie priv\u00e9e et met tout en \u0153uvre pour que vos droits soient prot\u00e9g\u00e9s et respect\u00e9s. Si vous avez des questions ou des plaintes concernant le traitement des donn\u00e9es, veuillez nous contacter directement, ou par l'interm\u00e9diaire de notre D\u00e9l\u00e9gu\u00e9 \u00e0 la protection des donn\u00e9es (DPD), conform\u00e9ment \u00e0 la section <\/span><a href=\"#contact-us\"><span style=\"font-weight: 400;\">Nous contacter<\/span><\/a><span style=\"font-weight: 400;\"> ci-dessous.<\/span><\/p>\n<p style=\"text-align: justify;\"><span style=\"font-weight: 400;\">Vous avez le droit de d\u00e9poser une plainte aupr\u00e8s de l'autorit\u00e9 de contr\u00f4le de la protection des donn\u00e9es de votre pays si vous souhaitez contester la mani\u00e8re dont nous acc\u00e9dons \u00e0 vos donn\u00e9es. Veuillez consulter les coordonn\u00e9es des autorit\u00e9s de contr\u00f4le ci-dessous :<br \/><\/span><\/p>\n<p>i. <a href=\"http:\/\/ec.europa.eu\/justice\/data-protection\/article-29\/structure\/data-protection-authorities\/index_en.htm\"><span style=\"font-weight: 400;\">Autorit\u00e9s de protection des donn\u00e9es de l'Union europ\u00e9enne<\/span><\/a><br \/>ii. <a href=\"https:\/\/www.edoeb.admin.ch\/edoeb\/en\/home\/the-fdpic\/contact\/address.html\"><span style=\"font-weight: 400;\">L'autorit\u00e9 suisse de protection des donn\u00e9es<\/span><\/a><br \/><span style=\"font-size: 17px;\">iii. <\/span><a href=\"https:\/\/ico.org.uk\/for-the-public\" style=\"font-size: 17px;\">Bureau du commissaire \u00e0 l'information du Royaume-Uni<\/a><\/p>\n<p style=\"text-align: justify;\"><span style=\"font-weight: 400;\">\u00a0<\/span><i><span style=\"font-weight: 400;\">Droit de retirer le consentement<br \/><\/span><\/i><span style=\"font-weight: 400;\">Lorsque vous avez donn\u00e9 votre consentement \u00e0 la collecte, l'utilisation et le transfert de vos Informations personnelles, vous avez le droit de retirer votre consentement dans certaines circonstances. Pour retirer votre consentement, le cas \u00e9ch\u00e9ant, contactez-nous \u00e0 l'adresse <\/span><a href=\"mailto:dataprotection@sharethrough.com\"><span style=\"font-weight: 400;\">dataprotection@sharethrough.com<\/span><\/a><span style=\"font-weight: 400;\">.\u00a0<\/span><\/p>\n<ul style=\"text-align: justify;\"><\/ul>\n<p>[\/et_pb_text][\/et_pb_column][\/et_pb_row][\/et_pb_section][et_pb_section fb_built=&#8221;1&#8243; module_id=&#8221;10&#8243; _builder_version=&#8221;4.18.0&#8243; _module_preset=&#8221;default&#8221; custom_padding=&#8221;10px||10px||false|false&#8221; global_colors_info=&#8221;{}&#8221;][et_pb_row _builder_version=&#8221;4.18.0&#8243; _module_preset=&#8221;default&#8221; global_colors_info=&#8221;{}&#8221;][et_pb_column type=&#8221;4_4&#8243; _builder_version=&#8221;4.18.0&#8243; _module_preset=&#8221;default&#8221; global_colors_info=&#8221;{}&#8221;][et_pb_text _builder_version=&#8221;4.18.0&#8243; _module_preset=&#8221;default&#8221; custom_margin=&#8221;||10px||false|false&#8221; global_colors_info=&#8221;{}&#8221;]<\/p>\n<h3>10. <b>D\u00e9l\u00e9gu\u00e9 \u00e0 la protection des donn\u00e9es (DPD)<\/b><\/h3>\n<p>[\/et_pb_text][et_pb_text _builder_version=&#8221;4.19.2&#8243; _module_preset=&#8221;default&#8221; custom_padding=&#8221;||0px|||&#8221; global_colors_info=&#8221;{}&#8221;]<\/p>\n<p><span style=\"font-weight: 400;\">Nous avons nomm\u00e9 un D\u00e9l\u00e9gu\u00e9 \u00e0 la protection des donn\u00e9es charg\u00e9 de veiller au respect de la pr\u00e9sente Politique de confidentialit\u00e9. Si vous avez des questions sur cette Politique de confidentialit\u00e9 ou sur la mani\u00e8re dont nous traitons vos Informations personnelles, ou si vous souhaitez demander l'acc\u00e8s \u00e0 vos Informations personnelles, veuillez contacter le responsable de la confidentialit\u00e9 des donn\u00e9es conform\u00e9ment \u00e0 la section <\/span><a href=\"#contact-us\"><span style=\"font-weight: 400;\">Nous contacter<\/span><\/a><span style=\"font-weight: 400;\"> ci-dessous. <\/span><\/p>\n<p>[\/et_pb_text][\/et_pb_column][\/et_pb_row][\/et_pb_section][et_pb_section fb_built=&#8221;1&#8243; module_id=&#8221;11&#8243; _builder_version=&#8221;4.18.0&#8243; _module_preset=&#8221;default&#8221; custom_padding=&#8221;10px||10px||false|false&#8221; global_colors_info=&#8221;{}&#8221;][et_pb_row _builder_version=&#8221;4.18.0&#8243; _module_preset=&#8221;default&#8221; global_colors_info=&#8221;{}&#8221;][et_pb_column type=&#8221;4_4&#8243; _builder_version=&#8221;4.18.0&#8243; _module_preset=&#8221;default&#8221; global_colors_info=&#8221;{}&#8221;][et_pb_text _builder_version=&#8221;4.18.0&#8243; _module_preset=&#8221;default&#8221; custom_margin=&#8221;||10px||false|false&#8221; global_colors_info=&#8221;{}&#8221;]<\/p>\n<h3>11. <b>Modifications de la pr\u00e9sente Politique de confidentialit\u00e9<\/b><\/h3>\n<p>[\/et_pb_text][et_pb_text _builder_version=&#8221;4.19.2&#8243; _module_preset=&#8221;default&#8221; global_colors_info=&#8221;{}&#8221;]<\/p>\n<p style=\"text-align: justify;\"><span style=\"font-weight: 400;\">Nous pouvons \u00eatre amen\u00e9s \u00e0 modifier la pr\u00e9sente Politique de confidentialit\u00e9 pour l'adapter aux nouvelles technologies, aux exigences r\u00e9glementaires ou \u00e0 d'autres fins. Si nous apportons des modifications importantes \u00e0 cette Politique de confidentialit\u00e9, nous publierons la version r\u00e9vis\u00e9e sur notre site Web et nous pourrons prendre des mesures suppl\u00e9mentaires pour vous en informer, comme l'exigent les lois applicables en mati\u00e8re de protection des donn\u00e9es. La date figurant en haut de la pr\u00e9sente Politique de confidentialit\u00e9 refl\u00e8te les modifications les plus r\u00e9centes apport\u00e9es \u00e0 la pr\u00e9sente Politique de confidentialit\u00e9.<\/span> <span style=\"font-weight: 400;\">The date at the top of this Privacy Policy reflects the most recent changes made to this Privacy Policy. <\/span><\/p>\n<ul role=\"list\"><\/ul>\n<p>[\/et_pb_text][\/et_pb_column][\/et_pb_row][\/et_pb_section][et_pb_section fb_built=&#8221;1&#8243; module_id=&#8221;12&#8243; _builder_version=&#8221;4.18.0&#8243; _module_preset=&#8221;default&#8221; custom_padding=&#8221;10px||10px||false|false&#8221; global_colors_info=&#8221;{}&#8221;][et_pb_row _builder_version=&#8221;4.18.0&#8243; _module_preset=&#8221;default&#8221; global_colors_info=&#8221;{}&#8221;][et_pb_column type=&#8221;4_4&#8243; _builder_version=&#8221;4.18.0&#8243; _module_preset=&#8221;default&#8221; global_colors_info=&#8221;{}&#8221;][et_pb_text module_id=&#8221;contact-us&#8221; _builder_version=&#8221;4.19.2&#8243; _module_preset=&#8221;default&#8221; custom_margin=&#8221;||10px||false|false&#8221; global_colors_info=&#8221;{}&#8221;]<\/p>\n<h3>12. <b>Nous contacter<\/b><\/h3>\n<p>[\/et_pb_text][et_pb_text _builder_version=&#8221;4.19.2&#8243; _module_preset=&#8221;default&#8221; global_colors_info=&#8221;{}&#8221;]<\/p>\n<blockquote>\n<h3><b>Pour contacter Sharethrough (contr\u00f4leur)<\/b><\/h3>\n<p><span style=\"font-weight: 400;\">Sharethrough<br \/><\/span><span style=\"font-weight: 400;\">5455, avenue Gasp\u00e9, bureau 730<br \/><\/span><span style=\"font-weight: 400;\">Montreal, Quebec, H2T 3B3<br \/><\/span><span style=\"font-weight: 400;\">Canada<br \/><\/span><span style=\"font-weight: 400;\">Attn: Legal &amp; Compliance Team<br \/><\/span><span style=\"font-weight: 400;\">Courriel : <a href=\"mailto:dataprotection@sharethrough.com\">dataprotection@sharethrough.com<\/a><\/span><\/p>\n<\/blockquote>\n<p style=\"text-align: justify;\"><span style=\"font-weight: 400;\"><\/span><\/p>\n<blockquote>\n<h3><b>Pour contacter notre D\u00e9l\u00e9gu\u00e9 \u00e0 la protection des donn\u00e9es<br \/><\/b><span style=\"font-weight: 400;\"><\/span><\/h3>\n<p><span style=\"font-weight: 400;\">Chantal Bernier<br \/><\/span><span style=\"font-weight: 400;\">99 Bank Street<br \/><\/span><span style=\"font-weight: 400;\">Suite 1420<br \/><\/span><span style=\"font-weight: 400;\">Ottawa, Ontario K1P 1H4<br \/><\/span><span style=\"font-weight: 400;\">Canada<br \/><\/span><span style=\"font-weight: 400;\">+1 (613) 783-9600<br \/><\/span><span style=\"font-weight: 400;\">Courriel : <a href=\"mailto:chantal.bernier@dentons.com\">chantal.bernier@dentons.com<\/a><\/span><\/p>\n<\/blockquote>\n<p><span style=\"font-weight: 400;\"><\/span><\/p>\n<p><span style=\"font-weight: 400;\"><\/span><\/p>\n<blockquote>\n<h3><b>Pour contacter notre repr\u00e9sentant local de l'Union europ\u00e9enne<br \/><\/b><span style=\"font-weight: 400;\"><\/span><\/h3>\n<p><span>Legal Army c\/o Sharethrough Inc.<\/span><br \/><span>Enrique Extremera Maestro<\/span><br \/><span>C. de la Princesa, 31,<\/span><br \/><span>Moncloa \u2013 Aravaca,<\/span><br \/><span>Madrid, Spain, 28008<\/span><br \/><span>Courriel :\u00a0<\/span><a target=\"_blank\" class=\"c-link\" data-stringify-link=\"mailto:dpo@sharethrough.com\" delay=\"150\" data-sk=\"tooltip_parent\" aria-haspopup=\"menu\" href=\"mailto:dpo@sharethrough.com\" rel=\"noopener noreferrer\">dpo@sharethrough.com<\/a><\/p>\n<\/blockquote>\n<p><span style=\"font-weight: 400;\"><\/span><\/p>\n<p><span style=\"font-weight: 400;\"><\/span><\/p>\n<p>[\/et_pb_text][\/et_pb_column][\/et_pb_row][\/et_pb_section]<\/p>","protected":false},"excerpt":{"rendered":"<p>Sharethrough Candidate Privacy Policy Effective: December 01, 2022 Back to Privacy CenterContents 1. Scope and Overview2. Application3. Collection of Your Personal Information4. Use of Your Personal Information 5. Personal Information Sharing6. Cross-Border Data Transfers7. Personal Information Security8. Personal Information Retention9. Your Rights 10. Data Privacy Officer11. Changes to this Privacy Policy 12. Contact Us 1. [&hellip;]<\/p>","protected":false},"author":2,"featured_media":322,"parent":0,"menu_order":0,"comment_status":"closed","ping_status":"closed","template":"","meta":{"_et_pb_use_builder":"on","_et_pb_old_content":"<!-- wp:divi\/placeholder \/-->","_et_gb_content_width":"","footnotes":""},"class_list":["post-494","page","type-page","status-publish","has-post-thumbnail","hentry"],"yoast_head":"<!-- This site is optimized with the Yoast SEO plugin v26.9 - https:\/\/yoast.com\/product\/yoast-seo-wordpress\/ -->\n<title>Candidate Privacy Policy &#8212; Sharethrough Privacy Center<\/title>\n<meta name=\"description\" content=\"The Publisher Platform Terms of Service are effective as of the date of execution of the first Order Form by and between Publisher and Sharethrough Inc.\" \/>\n<meta name=\"robots\" content=\"noindex, follow, max-snippet:-1, max-image-preview:large, max-video-preview:-1\" \/>\n<meta property=\"og:locale\" content=\"fr_FR\" \/>\n<meta property=\"og:type\" content=\"article\" \/>\n<meta property=\"og:title\" content=\"Candidate Privacy Policy &#8212; Sharethrough Privacy Center\" \/>\n<meta property=\"og:description\" content=\"The Publisher Platform Terms of Service are effective as of the date of execution of the first Order Form by and between Publisher and Sharethrough Inc.\" \/>\n<meta property=\"og:url\" content=\"https:\/\/privacy-center.sharethrough.com\/fr\/candidate-privacy-policy\/\" \/>\n<meta property=\"og:site_name\" content=\"Sharethrough Privacy Center\" \/>\n<meta property=\"article:modified_time\" content=\"2024-05-02T20:17:05+00:00\" \/>\n<meta property=\"og:image\" content=\"https:\/\/privacy-center.sharethrough.com\/wp-content\/uploads\/2022\/12\/6077214260a994e538c6960f_Main-Image.png\" \/>\n\t<meta property=\"og:image:width\" content=\"1400\" \/>\n\t<meta property=\"og:image:height\" content=\"732\" \/>\n\t<meta property=\"og:image:type\" content=\"image\/png\" \/>\n<meta name=\"twitter:card\" content=\"summary_large_image\" \/>\n<meta name=\"twitter:label1\" content=\"Dur\u00e9e de lecture estim\u00e9e\" \/>\n\t<meta name=\"twitter:data1\" content=\"32 minutes\" \/>\n<script type=\"application\/ld+json\" class=\"yoast-schema-graph\">{\"@context\":\"https:\/\/schema.org\",\"@graph\":[{\"@type\":\"WebPage\",\"@id\":\"https:\/\/privacy-center.sharethrough.com\/en\/candidate-privacy-policy\/\",\"url\":\"https:\/\/privacy-center.sharethrough.com\/en\/candidate-privacy-policy\/\",\"name\":\"Candidate Privacy Policy &#8212; Sharethrough Privacy Center\",\"isPartOf\":{\"@id\":\"https:\/\/privacy-center.sharethrough.com\/#website\"},\"primaryImageOfPage\":{\"@id\":\"https:\/\/privacy-center.sharethrough.com\/en\/candidate-privacy-policy\/#primaryimage\"},\"image\":{\"@id\":\"https:\/\/privacy-center.sharethrough.com\/en\/candidate-privacy-policy\/#primaryimage\"},\"thumbnailUrl\":\"https:\/\/privacy-center.sharethrough.com\/wp-content\/uploads\/2022\/12\/6077214260a994e538c6960f_Main-Image.png\",\"datePublished\":\"2023-01-03T20:41:57+00:00\",\"dateModified\":\"2024-05-02T20:17:05+00:00\",\"description\":\"The Publisher Platform Terms of Service are effective as of the date of execution of the first Order Form by and between Publisher and Sharethrough Inc.\",\"breadcrumb\":{\"@id\":\"https:\/\/privacy-center.sharethrough.com\/en\/candidate-privacy-policy\/#breadcrumb\"},\"inLanguage\":\"fr-FR\",\"potentialAction\":[{\"@type\":\"ReadAction\",\"target\":[\"https:\/\/privacy-center.sharethrough.com\/en\/candidate-privacy-policy\/\"]}]},{\"@type\":\"ImageObject\",\"inLanguage\":\"fr-FR\",\"@id\":\"https:\/\/privacy-center.sharethrough.com\/en\/candidate-privacy-policy\/#primaryimage\",\"url\":\"https:\/\/privacy-center.sharethrough.com\/wp-content\/uploads\/2022\/12\/6077214260a994e538c6960f_Main-Image.png\",\"contentUrl\":\"https:\/\/privacy-center.sharethrough.com\/wp-content\/uploads\/2022\/12\/6077214260a994e538c6960f_Main-Image.png\",\"width\":1400,\"height\":732},{\"@type\":\"BreadcrumbList\",\"@id\":\"https:\/\/privacy-center.sharethrough.com\/en\/candidate-privacy-policy\/#breadcrumb\",\"itemListElement\":[{\"@type\":\"ListItem\",\"position\":1,\"name\":\"Home\",\"item\":\"https:\/\/privacy-center.sharethrough.com\/en\/\"},{\"@type\":\"ListItem\",\"position\":2,\"name\":\"Candidate Privacy Policy\"}]},{\"@type\":\"WebSite\",\"@id\":\"https:\/\/privacy-center.sharethrough.com\/#website\",\"url\":\"https:\/\/privacy-center.sharethrough.com\/\",\"name\":\"Sharethrough Privacy Center\",\"description\":\"Committed to Providing Transparent &amp; Engaging Experience Across Our Digital Platforms\",\"potentialAction\":[{\"@type\":\"SearchAction\",\"target\":{\"@type\":\"EntryPoint\",\"urlTemplate\":\"https:\/\/privacy-center.sharethrough.com\/?s={search_term_string}\"},\"query-input\":{\"@type\":\"PropertyValueSpecification\",\"valueRequired\":true,\"valueName\":\"search_term_string\"}}],\"inLanguage\":\"fr-FR\"}]}<\/script>\n<!-- \/ Yoast SEO plugin. -->","yoast_head_json":{"title":"Candidate Privacy Policy &#8212; Sharethrough Privacy Center","description":"The Publisher Platform Terms of Service are effective as of the date of execution of the first Order Form by and between Publisher and Sharethrough Inc.","robots":{"index":"noindex","follow":"follow","max-snippet":"max-snippet:-1","max-image-preview":"max-image-preview:large","max-video-preview":"max-video-preview:-1"},"og_locale":"fr_FR","og_type":"article","og_title":"Candidate Privacy Policy &#8212; Sharethrough Privacy Center","og_description":"The Publisher Platform Terms of Service are effective as of the date of execution of the first Order Form by and between Publisher and Sharethrough Inc.","og_url":"https:\/\/privacy-center.sharethrough.com\/fr\/candidate-privacy-policy\/","og_site_name":"Sharethrough Privacy Center","article_modified_time":"2024-05-02T20:17:05+00:00","og_image":[{"width":1400,"height":732,"url":"https:\/\/privacy-center.sharethrough.com\/wp-content\/uploads\/2022\/12\/6077214260a994e538c6960f_Main-Image.png","type":"image\/png"}],"twitter_card":"summary_large_image","twitter_misc":{"Dur\u00e9e de lecture estim\u00e9e":"32 minutes"},"schema":{"@context":"https:\/\/schema.org","@graph":[{"@type":"WebPage","@id":"https:\/\/privacy-center.sharethrough.com\/en\/candidate-privacy-policy\/","url":"https:\/\/privacy-center.sharethrough.com\/en\/candidate-privacy-policy\/","name":"Candidate Privacy Policy &#8212; Sharethrough Privacy Center","isPartOf":{"@id":"https:\/\/privacy-center.sharethrough.com\/#website"},"primaryImageOfPage":{"@id":"https:\/\/privacy-center.sharethrough.com\/en\/candidate-privacy-policy\/#primaryimage"},"image":{"@id":"https:\/\/privacy-center.sharethrough.com\/en\/candidate-privacy-policy\/#primaryimage"},"thumbnailUrl":"https:\/\/privacy-center.sharethrough.com\/wp-content\/uploads\/2022\/12\/6077214260a994e538c6960f_Main-Image.png","datePublished":"2023-01-03T20:41:57+00:00","dateModified":"2024-05-02T20:17:05+00:00","description":"The Publisher Platform Terms of Service are effective as of the date of execution of the first Order Form by and between Publisher and Sharethrough Inc.","breadcrumb":{"@id":"https:\/\/privacy-center.sharethrough.com\/en\/candidate-privacy-policy\/#breadcrumb"},"inLanguage":"fr-FR","potentialAction":[{"@type":"ReadAction","target":["https:\/\/privacy-center.sharethrough.com\/en\/candidate-privacy-policy\/"]}]},{"@type":"ImageObject","inLanguage":"fr-FR","@id":"https:\/\/privacy-center.sharethrough.com\/en\/candidate-privacy-policy\/#primaryimage","url":"https:\/\/privacy-center.sharethrough.com\/wp-content\/uploads\/2022\/12\/6077214260a994e538c6960f_Main-Image.png","contentUrl":"https:\/\/privacy-center.sharethrough.com\/wp-content\/uploads\/2022\/12\/6077214260a994e538c6960f_Main-Image.png","width":1400,"height":732},{"@type":"BreadcrumbList","@id":"https:\/\/privacy-center.sharethrough.com\/en\/candidate-privacy-policy\/#breadcrumb","itemListElement":[{"@type":"ListItem","position":1,"name":"Home","item":"https:\/\/privacy-center.sharethrough.com\/en\/"},{"@type":"ListItem","position":2,"name":"Candidate Privacy Policy"}]},{"@type":"WebSite","@id":"https:\/\/privacy-center.sharethrough.com\/#website","url":"https:\/\/privacy-center.sharethrough.com\/","name":"Sharethrough Privacy Center","description":"Committed to Providing Transparent &amp; Engaging Experience Across Our Digital Platforms","potentialAction":[{"@type":"SearchAction","target":{"@type":"EntryPoint","urlTemplate":"https:\/\/privacy-center.sharethrough.com\/?s={search_term_string}"},"query-input":{"@type":"PropertyValueSpecification","valueRequired":true,"valueName":"search_term_string"}}],"inLanguage":"fr-FR"}]}},"_links":{"self":[{"href":"https:\/\/privacy-center.sharethrough.com\/fr\/wp-json\/wp\/v2\/pages\/494","targetHints":{"allow":["GET"]}}],"collection":[{"href":"https:\/\/privacy-center.sharethrough.com\/fr\/wp-json\/wp\/v2\/pages"}],"about":[{"href":"https:\/\/privacy-center.sharethrough.com\/fr\/wp-json\/wp\/v2\/types\/page"}],"author":[{"embeddable":true,"href":"https:\/\/privacy-center.sharethrough.com\/fr\/wp-json\/wp\/v2\/users\/2"}],"replies":[{"embeddable":true,"href":"https:\/\/privacy-center.sharethrough.com\/fr\/wp-json\/wp\/v2\/comments?post=494"}],"version-history":[{"count":18,"href":"https:\/\/privacy-center.sharethrough.com\/fr\/wp-json\/wp\/v2\/pages\/494\/revisions"}],"predecessor-version":[{"id":667,"href":"https:\/\/privacy-center.sharethrough.com\/fr\/wp-json\/wp\/v2\/pages\/494\/revisions\/667"}],"wp:featuredmedia":[{"embeddable":true,"href":"https:\/\/privacy-center.sharethrough.com\/fr\/wp-json\/wp\/v2\/media\/322"}],"wp:attachment":[{"href":"https:\/\/privacy-center.sharethrough.com\/fr\/wp-json\/wp\/v2\/media?parent=494"}],"curies":[{"name":"wp","href":"https:\/\/api.w.org\/{rel}","templated":true}]}}